{"id":15,"date":"2016-11-09T16:28:40","date_gmt":"2016-11-09T15:28:40","guid":{"rendered":"http:\/\/pti.cs.pollub.pl\/wordpress\/?page_id=15"},"modified":"2018-01-13T10:15:21","modified_gmt":"2018-01-13T09:15:21","slug":"historia-oddzialu","status":"publish","type":"page","link":"https:\/\/pti.cs.pollub.pl\/index.php\/historia-oddzialu\/","title":{"rendered":"Historia Oddzia\u0142u"},"content":{"rendered":"<p>Oddzia\u0142 Lubelski PTI zosta\u0142 utworzony w 2016 r. Do tego czasu w Lublinie przez 30 lat funkcjonowa\u0142o Ko\u0142o PTI, kt\u00f3re w ramach swojej dzia\u0142alno\u015bci organizowa\u0142o spotkania, konferencje (w tym seri\u0119 konferencji Informatyk Zak\u0142adowy, LAFI, Informatyka bez Granic oraz pierwsz\u0105 edycj\u0119 Krajowej Konferencji In\u017cynierii Oprogramowania \u2013 KKIO), seminaria, warsztaty w obszarach zwi\u0105zanych tematyczne z informatyk\u0105 i edukacj\u0105 informatyczn\u0105. Ko\u0142o PTI w Lublinie realizowa\u0142o swoje dzia\u0142ania integruj\u0105c \u015brodowisko lubelskie, wsp\u00f3\u0142pracuj\u0105c z partnerami z obszaru nauki, edukacji i przemys\u0142u. Cz\u0142onkowie Ko\u0142a PTI w Lublinie podj\u0119li inicjatyw\u0119 i wdro\u017cyli od zera ECDL w Polsce. W latach 1997 -2006 w Lublinie koordynowali dzia\u0142alno\u015bci\u0105 Polskiego Biura ECDL i rozwojem produkt\u00f3w certyfikacji informatycznej. Og\u00f3lnopolskim Koordynatorem ECDL w tych latach by\u0142 kol. Marek Mi\u0142osz.<\/p>\n<p><strong>Kalendarium<\/strong><\/p>\n<hr \/>\n<p><strong>kwiecie\u0144 1987 r. Powo\u0142anie Ko\u0142a PTI w Lublinie<\/strong><\/p>\n<p>Jednym z cz\u0142onk\u00f3w Ko\u0142a PTI w Lublinie zostaje w\u00f3wczas kol. <em>Janusz Tarasi\u0144ski<\/em>, kt\u00f3ry dzia\u0142a w PTI do chwili obecnej &#8211; jest on cz\u0142onkiem Oddzia\u0142u Lubelskiego PTI o najd\u0142u\u017cszym, ponad 30. letnim sta\u017cu.<\/p>\n<hr \/>\n<p><strong>1994 r. Reaktywacja Ko\u0142a PTI w Lublinie<\/strong><\/p>\n<p><strong>Zarz\u0105d Ko\u0142a PTI w Lublinie \u00a0(1994-2000)<\/strong><br \/>\nMarek Mi\u0142osz &#8211; przewodnicz\u0105cy<br \/>\nJanusz Olek &#8211; sekretarz<br \/>\nEl\u017cbieta Mi\u0142osz &#8211; cz\u0142onek<\/p>\n<p><strong>Zarz\u0105d\u00a0 Ko\u0142a PTI w Lublinie (2000-2003):<\/strong><br \/>\nMarek Mi\u0142osz &#8211; przewodnicz\u0105cy<br \/>\nBo\u017cenna Ho\u0142o\u0144 &#8211; zast\u0119pca przewodnicz\u0105cego<br \/>\nEl\u017cbieta Mi\u0142osz &#8211; cz\u0142onek<\/p>\n<p><strong>Zarz\u0105d\u00a0 Ko\u0142a PTI w Lublinie (2003-2006):<\/strong><br \/>\nMarek Mi\u0142osz &#8211; przewodnicz\u0105cy<br \/>\nBo\u017cenna Ho\u0142o\u0144 &#8211; zast\u0119pca przewodnicz\u0105cego<br \/>\nEl\u017cbieta Mi\u0142osz &#8211; cz\u0142onek<br \/>\nKrzysztof Adamski &#8211; cz\u0142onek<\/p>\n<p><strong>Zarz\u0105d\u00a0 Ko\u0142a PTI w Lublinie (2007-2010):<\/strong><br \/>\nMarek Mi\u0142osz &#8211; przewodnicz\u0105cy<br \/>\nBo\u017cenna Ho\u0142o\u0144 &#8211; zast\u0119pca przewodnicz\u0105cego<br \/>\nEl\u017cbieta Mi\u0142osz &#8211; cz\u0142onek<br \/>\nMarcin Nadulski\u00a0&#8211; cz\u0142onek<\/p>\n<p><strong>Zarz\u0105d\u00a0 Ko\u0142a PTI w Lublinie (2010-2013):<\/strong><br \/>\nMarek Mi\u0142osz &#8211; przewodnicz\u0105cy<br \/>\nBo\u017cenna Ho\u0142o\u0144 &#8211; zast\u0119pca przewodnicz\u0105cego<br \/>\nEl\u017cbieta Mi\u0142osz &#8211; cz\u0142onek<br \/>\nMarcin Smolira\u00a0&#8211; cz\u0142onek<\/p>\n<p><strong>Zarz\u0105d\u00a0 Ko\u0142a PTI w Lublinie (2013-2016):<\/strong><br \/>\nMarek Mi\u0142osz &#8211; przewodnicz\u0105cy<br \/>\nMariusz Haleniuk\u00a0&#8211; zast\u0119pca przewodnicz\u0105cego<br \/>\nEl\u017cbieta Mi\u0142osz &#8211; cz\u0142onek<\/p>\n<p><strong>Dzia\u0142alno\u015b\u0107 cz\u0142onk\u00f3w Ko\u0142a PTI w Lublinie:<\/strong><\/p>\n<ul>\n<li>opracowanie i realizacja szkole\u0144 z zakresu Zarz\u0105dzania projektami i Harmonogramowania prac dla IBM Polska<\/li>\n<li>wsp\u00f3\u0142organizacja \u00a0(z Katedr\u0105 Informatyki i Zak\u0142adem System\u00f3w Informatycznych Katedry Zarz\u0105dzania Politechniki Lubelskiej)\u00a0cyklicznych Regionalnych Konferencji Informatycznych w Kazimierzu Dolnym obejmuj\u0105cych:\n<ul>\n<li>Warsztaty Mikrokomputerowe Politechniki Lubelskiej<\/li>\n<li>Konferencje Informatyk Zak\u0142adowy<\/li>\n<li>konferencje LAFI (Lubelskie Akademickie Forum Informatyczne)<\/li>\n<li>Seminaria Nauczycielskie i Konferencje Metodyczne Nauczycieli \u00a0Informatyki<\/li>\n<\/ul>\n<\/li>\n<li>organizacja krajowych konferencji informatycznych:\n<ul>\n<li>I Krajowa Konferencja In\u017cynierii Oprogramowania w Kazimierzu Dolnym<\/li>\n<li>cykliczne Krajowe Konferencje Polskiego Klubu U\u017cytkownik\u00f3w Systemu PROGRESS (PUG PL) w Kazimierzu Dolnym<\/li>\n<\/ul>\n<\/li>\n<li>organizacja konferencji Informatyka bez granic w Sarospatak (W\u0119gry) 2013<\/li>\n<li>wsp\u00f3\u0142wydawanie kwartalnika Informatyka Stosowana ( z Katedr\u0105 Informatyki Politechniki Lubelskiej)<\/li>\n<li>wydawnictwo wielu monografii o tematyce informatycznej (wykaz na stronie publikacje)<\/li>\n<li>wdro\u017cenie w Polsce mi\u0119dzynarodowego projektu certyfikacji informatycznej ECDL\n<ul>\n<li>1997 &#8211; podj\u0119cie inicjatywy wdro\u017cenia mi\u0119dzynarodowego projektu CEPIS -u w Polsce\u00a0&#8211; Komputerowego Prawa Jazdy (pierwotna nazwa zamieniona potem na Europejski Certyfikat Umiej\u0119tno\u015bci Komputerowych) przez Marka Mi\u0142osza<\/li>\n<li>utworzenie i prowadzenie Polskiego Biura ECDL w Lublinie (1997- 2008)<\/li>\n<li>wsp\u00f3\u0142praca z wydawnictwem MIKOM w zakresie autoryzacji wydawnictw przygotowuj\u0105cych do egzamin\u00f3w ECDL<\/li>\n<li>rozw\u00f3j produkt\u00f3w certyfikacji ECDL<\/li>\n<\/ul>\n<\/li>\n<\/ul>\n<p>&nbsp;<\/p>\n<hr \/>\n<p><strong>27.02.2016 &#8211; Rozwi\u0105zanie Ko\u0142a PTI w Lublinie i powo\u0142anie Oddzia\u0142u Lubelskiego PTI<\/strong><\/p>\n<p><strong>W\u0142adze OL PTI I kadencji (2016-2017):<\/strong><\/p>\n<p><strong>Zarz\u0105d:<\/strong><\/p>\n<p>Marek Mi\u0142osz &#8211; prezes Zarz\u0105du<br \/>\nMariusz Haleniuk &#8211; wiceprezes, skarbnik<br \/>\nEl\u017cbieta Mi\u0142osz &#8211; cz\u0142onek zarz\u0105du<\/p>\n<p><strong>Komisja Rewizyjna<\/strong><\/p>\n<p>Bo\u017cenna Ho\u0142o\u0144 &#8211; przewodnicz\u0105ca<br \/>\nRobert Nowomiejski<br \/>\nMicha\u0142 Roman<\/p>\n<p><strong>S\u0105d Kole\u017ce\u0144ski<\/strong><\/p>\n<p>Wojciech Kulik &#8211; przewodnicz\u0105cy<br \/>\nMarcin Jurzysta<br \/>\nBogdan Wit<\/p>\n<hr \/>\n<p><strong>1.04.2017 &#8211; Wybory w\u0142adz OL PTI i wybory delegat\u00f3w na XII Zjazd PTI<\/strong><\/p>\n<p><strong>W\u0142adze OL PTI II kadencji (2017-2020):<\/strong><\/p>\n<p><strong>Zarz\u0105d:<\/strong><\/p>\n<ol>\n<li>Marek Mi\u0142osz &#8211; Prezes<\/li>\n<li>Mariusz Haleniuk \u2013 V-ce Prezes, Skarbnik<\/li>\n<li>Wojciech Kulik \u2013 cz\u0142onek<\/li>\n<li>El\u017cbieta Mi\u0142osz &#8211; cz\u0142onek<\/li>\n<\/ol>\n<p><strong>Komisja Rewizyjna<\/strong><\/p>\n<ol>\n<li>Mariusz Dzie\u0144kowski &#8211; przewodnicz\u0105cy<\/li>\n<li>Dariusz G\u0142uchowski &#8211; cz\u0142onek<\/li>\n<li>Renata Skrzypa &#8211; cz\u0142onek<\/li>\n<\/ol>\n<p><strong>S\u0105d Kole\u017ce\u0144ski<\/strong><\/p>\n<ol>\n<li>Bogdan Wit &#8211; przewodnicz\u0105cy<\/li>\n<li>Grzegorz Micha\u0142owski &#8211; cz\u0142onek<\/li>\n<li>Piotr Zi\u0144 \u2013 cz\u0142onek<\/li>\n<\/ol>\n<p><strong>Delegaci OL PTI na XII Zjazd PTI 24-25.06.2017:<\/strong><\/p>\n<ol>\n<li>Wojciech Kulik<\/li>\n<li>El\u017cbieta Mi\u0142osz<\/li>\n<\/ol>\n<hr \/>\n<p>&nbsp;<\/p>\n","protected":false},"excerpt":{"rendered":"<p>Oddzia\u0142 Lubelski PTI zosta\u0142 utworzony w 2016 r. Do tego czasu w Lublinie przez 30 lat funkcjonowa\u0142o Ko\u0142o PTI, kt\u00f3re w ramach swojej dzia\u0142alno\u015bci organizowa\u0142o spotkania, konferencje (w tym seri\u0119 konferencji Informatyk Zak\u0142adowy, LAFI, Informatyka bez Granic oraz pierwsz\u0105 edycj\u0119 Krajowej Konferencji In\u017cynierii Oprogramowania \u2013 KKIO), seminaria, warsztaty w obszarach zwi\u0105zanych tematyczne z informatyk\u0105 i &hellip; <a href=\"https:\/\/pti.cs.pollub.pl\/index.php\/historia-oddzialu\/\" class=\"more-link\">Czytaj dalej <span class=\"screen-reader-text\">Historia Oddzia\u0142u<\/span><\/a><\/p>\n","protected":false},"author":1,"featured_media":0,"parent":0,"menu_order":0,"comment_status":"closed","ping_status":"closed","template":"","meta":[],"_links":{"self":[{"href":"https:\/\/pti.cs.pollub.pl\/index.php\/wp-json\/wp\/v2\/pages\/15"}],"collection":[{"href":"https:\/\/pti.cs.pollub.pl\/index.php\/wp-json\/wp\/v2\/pages"}],"about":[{"href":"https:\/\/pti.cs.pollub.pl\/index.php\/wp-json\/wp\/v2\/types\/page"}],"author":[{"embeddable":true,"href":"https:\/\/pti.cs.pollub.pl\/index.php\/wp-json\/wp\/v2\/users\/1"}],"replies":[{"embeddable":true,"href":"https:\/\/pti.cs.pollub.pl\/index.php\/wp-json\/wp\/v2\/comments?post=15"}],"version-history":[{"count":10,"href":"https:\/\/pti.cs.pollub.pl\/index.php\/wp-json\/wp\/v2\/pages\/15\/revisions"}],"predecessor-version":[{"id":200,"href":"https:\/\/pti.cs.pollub.pl\/index.php\/wp-json\/wp\/v2\/pages\/15\/revisions\/200"}],"wp:attachment":[{"href":"https:\/\/pti.cs.pollub.pl\/index.php\/wp-json\/wp\/v2\/media?parent=15"}],"curies":[{"name":"wp","href":"https:\/\/api.w.org\/{rel}","templated":true}]}}